{"id":864,"date":"2022-05-25T12:04:04","date_gmt":"2022-05-25T12:04:04","guid":{"rendered":"https:\/\/physio-pro.hu\/?page_id=864"},"modified":"2022-05-25T12:48:17","modified_gmt":"2022-05-25T12:48:17","slug":"bemutatkozas-kk","status":"publish","type":"page","link":"https:\/\/physio-pro.hu\/index.php\/rolunk-2\/bemutatkozas-kk\/","title":{"rendered":"Bemutatkoz\u00e1s"},"content":{"rendered":"<p>[et_pb_section fb_built=&#8221;1&#8243; theme_builder_area=&#8221;post_content&#8221; _builder_version=&#8221;4.17.4&#8243; _module_preset=&#8221;default&#8221;][et_pb_row _builder_version=&#8221;4.16&#8243; _dynamic_attributes=&#8221;link_option_url&#8221; _module_preset=&#8221;default&#8221; animation_style=&#8221;fade&#8221; link_option_url=&#8221;@ET-DC@eyJkeW5hbWljIjp0cnVlLCJjb250ZW50IjoicG9zdF9hdXRob3JfdXJsIiwic2V0dGluZ3MiOnt9fQ==@&#8221; global_colors_info=&#8221;{}&#8221; theme_builder_area=&#8221;post_content&#8221;][et_pb_column type=&#8221;4_4&#8243; _builder_version=&#8221;4.16&#8243; _module_preset=&#8221;default&#8221; global_colors_info=&#8221;{}&#8221; theme_builder_area=&#8221;post_content&#8221;][et_pb_team_member name=&#8221;Kardos Kopp\u00e1ny&#8221; position=&#8221;Gy\u00f3gytorn\u00e1sz&#8221; image_url=&#8221;https:\/\/physio-pro.hu\/wp-content\/uploads\/2022\/05\/IMG_6490-e1653481443344.jpg&#8221; _builder_version=&#8221;4.17.4&#8243; _module_preset=&#8221;default&#8221; box_shadow_style_image=&#8221;preset1&#8243; global_colors_info=&#8221;{}&#8221; theme_builder_area=&#8221;post_content&#8221;]<\/p>\n<p>A Semmelweis Egyetemen v\u00e9geztem 2018-ban gy\u00f3gytorn\u00e1szk\u00e9nt, az\u00f3ta hivat\u00e1somat a<br \/>Gottsegen Gy\u00f6rgy Orsz\u00e1gos Kardiovaszkul\u00e1ris Int\u00e9zetben gyakorlom. Egyetemi<br \/>tanulm\u00e1nyaim alatt is a kardiol\u00f3giai k\u00f3rk\u00e9pek keltett\u00e9k fel legink\u00e1bb a figyelmemet \u00e9s<br \/>tov\u00e1bbra is ez a ter\u00fclet \u00e1ll legk\u00f6zelebb hozz\u00e1m. A betegs\u00e9g megel\u0151z\u00e9se vagy a kialakult<br \/>\u00e1llapot progresszi\u00f3j\u00e1nak lass\u00edt\u00e1sa egyar\u00e1nt fontos sz\u00e1momra, ez\u00e9rt mindennapi munk\u00e1mon<br \/>fel\u00fcl magam is az akt\u00edv \u00e9letm\u00f3d h\u00edve vagyok. Gyermekkorom \u00f3ta rendszeresen mozgok,<br \/>jelenleg a ker\u00e9kp\u00e1roz\u00e1s \u00e9s a falm\u00e1sz\u00e1s \u00e1ll legk\u00f6zelebb hozz\u00e1m. A sportban tal\u00e1n a<br \/>legfontosabb t\u00e9nyez\u0151, hogy \u00f6r\u00f6mforr\u00e1s legyen. Ezt a gondolkod\u00e1st igyekszem \u00e1tvinni a<br \/>mindennapi munk\u00e1mba is, a mozg\u00e1ster\u00e1pi\u00e1s alkalmak sor\u00e1n. Annak ellen\u00e9re, hogy a<br \/>p\u00e1cienseim f\u0151 panaszai a sz\u00edv \u00e9s \u00e9rrendszeri megbeteged\u00e9sek, gyakran tal\u00e1lkozom<br \/>mozg\u00e1sszervi \u00e9rintetts\u00e9ggel is. A k\u00fcl\u00f6nb\u00f6z\u0151 panaszok kezel\u00e9se sor\u00e1n a \u201ekiv\u00e1lt\u00f3 ok\u201d<br \/>felder\u00edt\u00e9se \u00e9s ter\u00e1pi\u00e1ja a leghangs\u00falyosabb sz\u00e1momra. Ahhoz, hogy a hozz\u00e1m fordul\u00f3knak<br \/>min\u00e9l t\u00f6bbet tudjak seg\u00edteni igyekszem folyamatosan k\u00e9pezni magam.<\/p>\n<p><span>Tanulm\u00e1nyok: <\/span><\/p>\n<p><span>\u2022 Gy\u00f3gytorn\u00e1sz BSc \u2013 Semmelweis Egyetem<br \/><\/span><span>\u2022 Gy\u00f3gytorn\u00e1sz-fizioterapeuta MSc \u2013 Semmelweis Egyetem<br \/>\u2022 McKenzie Mechanikai Diagn\u00f3zis \u00e9s Ter\u00e1pia: \u201eA,B,C,D\u201d kurzus<br \/><\/span><\/p>\n<p>[\/et_pb_team_member][\/et_pb_column][\/et_pb_row][\/et_pb_section]<\/p>\n","protected":false},"excerpt":{"rendered":"<p>Kardos Kopp\u00e1ny Gy\u00f3gytorn\u00e1sz A Semmelweis Egyetemen&#8230;<\/p>\n","protected":false},"author":2,"featured_media":0,"parent":165,"menu_order":5,"comment_status":"closed","ping_status":"closed","template":"","meta":{"_et_pb_use_builder":"on","_et_pb_old_content":"","_et_gb_content_width":""},"_links":{"self":[{"href":"https:\/\/physio-pro.hu\/index.php\/wp-json\/wp\/v2\/pages\/864"}],"collection":[{"href":"https:\/\/physio-pro.hu\/index.php\/wp-json\/wp\/v2\/pages"}],"about":[{"href":"https:\/\/physio-pro.hu\/index.php\/wp-json\/wp\/v2\/types\/page"}],"author":[{"embeddable":true,"href":"https:\/\/physio-pro.hu\/index.php\/wp-json\/wp\/v2\/users\/2"}],"replies":[{"embeddable":true,"href":"https:\/\/physio-pro.hu\/index.php\/wp-json\/wp\/v2\/comments?post=864"}],"version-history":[{"count":2,"href":"https:\/\/physio-pro.hu\/index.php\/wp-json\/wp\/v2\/pages\/864\/revisions"}],"predecessor-version":[{"id":887,"href":"https:\/\/physio-pro.hu\/index.php\/wp-json\/wp\/v2\/pages\/864\/revisions\/887"}],"up":[{"embeddable":true,"href":"https:\/\/physio-pro.hu\/index.php\/wp-json\/wp\/v2\/pages\/165"}],"wp:attachment":[{"href":"https:\/\/physio-pro.hu\/index.php\/wp-json\/wp\/v2\/media?parent=864"}],"curies":[{"name":"wp","href":"https:\/\/api.w.org\/{rel}","templated":true}]}}